{"id":10288,"date":"2026-07-22T11:31:43","date_gmt":"2026-07-22T18:31:43","guid":{"rendered":"https:\/\/www.archlegal.com\/staff\/tatiana-kline\/"},"modified":"2026-08-18T12:37:15","modified_gmt":"2026-08-18T19:37:15","slug":"tatiana-kline","status":"publish","type":"staff","link":"https:\/\/www.archlegal.com\/es\/attorney\/tatiana-kline\/","title":{"rendered":"Tatiana Kline"},"content":{"rendered":"\n<section class=\"wp-block-custom-blocks-text-with-image text-with-image\"><div class=\"container\"><div class=\"text-with-image__row align--right\"><div class=\"column text-with-image__content\"><h2>Tatiana Kline<\/h2>\n<p class=\"wp-block-paragraph\">Tatiana Kline es una abogada laboralista y una experimentada litigante con m\u00e1s de una d\u00e9cada de experiencia en litigios, defendiendo a personas que se enfrentan a algunas de las circunstancias m\u00e1s dif\u00edciles de la vida. A lo largo de su carrera, Tatiana se ha labrado una reputaci\u00f3n como defensora estrat\u00e9gica y compasiva, combinando unas habilidades excepcionales en los tribunales con un profundo compromiso con el servicio al cliente.  <\/p>\n\n\n\n<p class=\"wp-block-paragraph\">Antes de incorporarse a ARCH Legal, Tatiana trabaj\u00f3 como asociada s\u00e9nior en el equipo de litigios y defensa de Clyde &amp; Co, donde ayud\u00f3 a preparar asuntos complejos para juicios y gestion\u00f3 una amplia gama de litigios, incluidos conflictos laborales, reclamaciones del T\u00edtulo IX, asuntos de contrataci\u00f3n y supervisi\u00f3n negligente, demandas por homicidio culposo, casos de responsabilidad de las instalaciones y otros litigios civiles de gran repercusi\u00f3n. Se encarg\u00f3 habitualmente de tomar y defender declaraciones juradas, preparar a testigos y peritos para sus testimonios, desarrollar estrategias de juicio y trabajar estrechamente con clientes y aseguradoras en asuntos complejos. <\/p>\n\n\n\n<p class=\"wp-block-paragraph\">Antes de dedicarse a la pr\u00e1ctica privada, Tatiana pas\u00f3 casi diez a\u00f1os como defensora p\u00fablica adjunta del condado de San Diego. Durante ese tiempo, represent\u00f3 a clientes en todas las etapas del litigio, desde la lectura de cargos hasta el veredicto del jurado y la sentencia. Complet\u00f3 47 juicios con jurado por delitos graves y leves, y defendi\u00f3 cientos de mociones relacionadas con cuestiones constitucionales, probatorias y procesales. Su amplia experiencia en juicios le otorga una visi\u00f3n \u00fanica de la estrategia de los casos, la defensa persuasiva, la preparaci\u00f3n de testigos y la presentaci\u00f3n eficaz ante los tribunales.   <\/p>\n\n\n\n<p class=\"wp-block-paragraph\">Posteriormente, Tatiana se incorpor\u00f3 a la Oficina del Defensor P\u00fablico del Estado de California, donde trabaj\u00f3 como abogada de formaci\u00f3n en la Divisi\u00f3n de Mejora de la Defensa de Indigentes. En ese puesto, desarroll\u00f3 e imparti\u00f3 programas de formaci\u00f3n en todo el estado, cre\u00f3 planes de estudios educativos para abogados y profesionales del derecho, y realiz\u00f3 frecuentes presentaciones sobre temas relacionados con la defensa en juicios, el bienestar de los abogados, la diversidad, la equidad, la inclusi\u00f3n y la pertenencia. <\/p>\n\n\n\n<p class=\"wp-block-paragraph\">Como educadora experimentada, Tatiana es invitada con frecuencia a ense\u00f1ar habilidades de juicio y estrategia de litigio. Es instructora certificada por el Instituto Nacional de Defensa en Juicios (NITA) y ha formado parte del profesorado de numerosos programas de defensa en juicios. Tambi\u00e9n es reconocida a nivel nacional por sus presentaciones sobre el bienestar, la competencia y la reducci\u00f3n de sesgos de los abogados, bas\u00e1ndose tanto en su experiencia profesional como en su visi\u00f3n personal para conectar con la audiencia de forma significativa e impactante.  <\/p>\n\n\n\n<p class=\"wp-block-paragraph\">Tatiana mantiene desde hace tiempo un firme compromiso con el liderazgo dentro de la profesi\u00f3n jur\u00eddica. Form\u00f3 parte de la Junta Directiva del Colegio de Abogados del Condado de San Diego y ha desempe\u00f1ado funciones de liderazgo centradas en iniciativas de bienestar, diversidad, equidad y antirracismo. Tambi\u00e9n cofund\u00f3 el Comit\u00e9 de Bienestar del Defensor P\u00fablico del Condado de San Diego y sigue participando activamente en numerosas organizaciones profesionales y comunitarias.  <\/p>\n\n\n\n<p class=\"wp-block-paragraph\">Tatiana obtuvo su Juris Doctor en la Facultad de Derecho de la Universidad de San Diego, donde recibi\u00f3 tanto la Beca de Liderazgo Estudiantil de la Universidad de San Diego como la Beca al M\u00e9rito del Colegio de Abogados Earl B. Gilliam. Se licenci\u00f3 con un doble grado en Psicolog\u00eda e Ingl\u00e9s por la Universidad de Michigan. <\/p>\n\n\n\n<p class=\"wp-block-paragraph\">Cuando no est\u00e1 defendiendo a sus clientes, Tatiana disfruta viajando con su marido, haciendo ejercicio, meditando, tutorizando a abogados, ense\u00f1ando defensa en juicios y apoyando iniciativas de bienestar y DEI dentro de la comunidad legal.<\/p>\n<\/div><div class=\"column\"><div class=\"text-with-image__image decoration-align--right primary-image-shape\"><img decoding=\"async\" alt=\"Tatiana Kline\" src=\"https:\/\/www.archlegal.com\/wp-content\/uploads\/2025\/11\/Tatiana-Kline-scaled.webp\" width=\"2055\" height=\"2560\" srcset=\"https:\/\/www.archlegal.com\/wp-content\/uploads\/2025\/11\/Tatiana-Kline-150x150.webp 150w, https:\/\/www.archlegal.com\/wp-content\/uploads\/2025\/11\/Tatiana-Kline-241x300.webp 241w, https:\/\/www.archlegal.com\/wp-content\/uploads\/2025\/11\/Tatiana-Kline-822x1024.webp 822w, https:\/\/www.archlegal.com\/wp-content\/uploads\/2025\/11\/Tatiana-Kline-scaled.webp 2055w\" sizes=\"(max-width: 2055px) 100vw, 2055px\"\/><\/div><\/div><\/div><\/div><\/section>\n\n<section class=\"wp-block-group team-details is-layout-flow wp-block-group-is-layout-flow\">\n<div class=\"wp-block-group container is-layout-flow wp-block-group-is-layout-flow\">\n<div class=\"wp-block-group team-details__rows is-layout-flow wp-block-group-is-layout-flow\">\n<h3 class=\"wp-block-heading\">\u00c1reas de pr\u00e1ctica<\/h3>\n\n\n\n<div class=\"wp-block-group team-details__row is-layout-flow wp-block-group-is-layout-flow\">\n<div class=\"wp-block-group team-details__column is-layout-flow wp-block-group-is-layout-flow\">\n<figure class=\"wp-block-image size-full\"><img decoding=\"async\" src=\"https:\/\/www.archlegal.com\/wp-content\/uploads\/2025\/11\/image-53.svg\" alt=\"\" class=\"wp-image-3288\"\/><\/figure>\n\n\n\n<div class=\"wp-block-group is-layout-flow wp-block-group-is-layout-flow\">\n<p class=\"team-details__title wp-block-paragraph\">Derecho laboral<\/p>\n<\/div>\n<\/div>\n\n\n\n<div class=\"wp-block-group team-details__column is-layout-flow wp-block-group-is-layout-flow\">\n<figure class=\"wp-block-image size-full\"><img decoding=\"async\" src=\"https:\/\/www.archlegal.com\/wp-content\/uploads\/2025\/11\/image-53.svg\" alt=\"\" class=\"wp-image-3288\"\/><\/figure>\n\n\n\n<div class=\"wp-block-group is-layout-flow wp-block-group-is-layout-flow\">\n<p class=\"team-details__title wp-block-paragraph\">Despido injustificado<\/p>\n<\/div>\n<\/div>\n\n\n\n<div class=\"wp-block-group team-details__column is-layout-flow wp-block-group-is-layout-flow\">\n<figure class=\"wp-block-image size-full\"><img decoding=\"async\" src=\"https:\/\/www.archlegal.com\/wp-content\/uploads\/2025\/11\/image-53.svg\" alt=\"\" class=\"wp-image-3288\"\/><\/figure>\n\n\n\n<div class=\"wp-block-group is-layout-flow wp-block-group-is-layout-flow\">\n<p class=\"team-details__title wp-block-paragraph\">Discriminaci\u00f3n laboral<\/p>\n<\/div>\n<\/div>\n\n\n\n<div class=\"wp-block-group team-details__column is-layout-flow wp-block-group-is-layout-flow\">\n<figure class=\"wp-block-image size-full\"><img decoding=\"async\" src=\"https:\/\/www.archlegal.com\/wp-content\/uploads\/2025\/11\/image-53.svg\" alt=\"\" class=\"wp-image-3288\"\/><\/figure>\n\n\n\n<div class=\"wp-block-group is-layout-flow wp-block-group-is-layout-flow\">\n<p class=\"team-details__title wp-block-paragraph\">Acoso<\/p>\n<\/div>\n<\/div>\n\n\n\n<div class=\"wp-block-group team-details__column is-layout-flow wp-block-group-is-layout-flow\">\n<figure class=\"wp-block-image size-full\"><img decoding=\"async\" src=\"https:\/\/www.archlegal.com\/wp-content\/uploads\/2025\/11\/image-53.svg\" alt=\"\" class=\"wp-image-3288\"\/><\/figure>\n\n\n\n<div class=\"wp-block-group is-layout-flow wp-block-group-is-layout-flow\">\n<p class=\"team-details__title wp-block-paragraph\">Represalias<\/p>\n<\/div>\n<\/div>\n\n\n\n<div class=\"wp-block-group team-details__column is-layout-flow wp-block-group-is-layout-flow\">\n<figure class=\"wp-block-image size-full\"><img decoding=\"async\" src=\"https:\/\/www.archlegal.com\/wp-content\/uploads\/2025\/11\/image-53.svg\" alt=\"\" class=\"wp-image-3288\"\/><\/figure>\n\n\n\n<div class=\"wp-block-group is-layout-flow wp-block-group-is-layout-flow\">\n<p class=\"team-details__title wp-block-paragraph\">Reclamaciones de informantes<\/p>\n<\/div>\n<\/div>\n\n\n\n<div class=\"wp-block-group team-details__column is-layout-flow wp-block-group-is-layout-flow\">\n<figure class=\"wp-block-image size-full\"><img decoding=\"async\" src=\"https:\/\/www.archlegal.com\/wp-content\/uploads\/2025\/11\/image-53.svg\" alt=\"\" class=\"wp-image-3288\"\/><\/figure>\n\n\n\n<div class=\"wp-block-group is-layout-flow wp-block-group-is-layout-flow\">\n<p class=\"team-details__title wp-block-paragraph\">Infracciones salariales y horarias<\/p>\n<\/div>\n<\/div>\n<\/div>\n<\/div>\n\n\n\n<div class=\"wp-block-group team-details__rows is-layout-flow wp-block-group-is-layout-flow\">\n<h3 class=\"wp-block-heading\">Formaci\u00f3n acad\u00e9mica<\/h3>\n\n\n\n<div class=\"wp-block-group team-details__row is-layout-flow wp-block-group-is-layout-flow\">\n<div class=\"wp-block-group team-details__column is-layout-flow wp-block-group-is-layout-flow\">\n<figure class=\"wp-block-image size-full\"><img decoding=\"async\" src=\"https:\/\/www.archlegal.com\/wp-content\/uploads\/2025\/11\/image-53.svg\" alt=\"\" class=\"wp-image-3288\"\/><\/figure>\n\n\n\n<div class=\"wp-block-group is-layout-flow wp-block-group-is-layout-flow\">\n<p class=\"wp-block-paragraph\"><strong>Facultad de Derecho de la Universidad de San Diego, San Diego, California<\/strong><br\/>Juris Doctor, 2013<\/p>\n\n\n\n<ul class=\"wp-block-list\">\n<li>Beneficiaria de la Beca de Liderazgo Estudiantil de la Universidad de San Diego<\/li>\n\n\n\n<li>Beneficiaria de la Beca al M\u00e9rito del Colegio de Abogados Earl B. Gilliam<\/li>\n<\/ul>\n<\/div>\n<\/div>\n<\/div>\n\n\n\n<div class=\"wp-block-group team-details__column is-layout-flow wp-block-group-is-layout-flow\">\n<figure class=\"wp-block-image size-full\"><img decoding=\"async\" src=\"https:\/\/www.archlegal.com\/wp-content\/uploads\/2025\/11\/image-53.svg\" alt=\"\" class=\"wp-image-3288\"\/><\/figure>\n\n\n\n<div class=\"wp-block-group is-layout-flow wp-block-group-is-layout-flow\">\n<p class=\"wp-block-paragraph\"><strong>Universidad de Michigan, Ann Arbor, Michigan<\/strong><br\/>Grado en Psicolog\u00eda e Ingl\u00e9s<\/p>\n\n\n\n<ul class=\"wp-block-list\">\n<li>Beneficiaria de la Beca Hughes al Rendimiento Acad\u00e9mico<\/li>\n\n\n\n<li>Cuadro de Honor, oto\u00f1o de 2006 e invierno<\/li>\n<\/ul>\n<\/div>\n<\/div>\n<\/div>\n\n\n\n<div class=\"wp-block-group team-details__rows is-layout-flow wp-block-group-is-layout-flow\">\n<h3 class=\"wp-block-heading\">Admisiones al colegio de abogados<\/h3>\n\n\n\n<div class=\"wp-block-group team-details__row is-layout-flow wp-block-group-is-layout-flow\">\n<div class=\"wp-block-group team-details__column is-layout-flow wp-block-group-is-layout-flow\">\n<figure class=\"wp-block-image size-full\"><img decoding=\"async\" src=\"https:\/\/www.archlegal.com\/wp-content\/uploads\/2025\/11\/image-53.svg\" alt=\"\" class=\"wp-image-3288\"\/><\/figure>\n\n\n\n<div class=\"wp-block-group is-layout-flow wp-block-group-is-layout-flow\">\n<p class=\"team-details__title wp-block-paragraph\">California<\/p>\n<\/div>\n<\/div>\n\n\n\n<div class=\"wp-block-group team-details__column is-layout-flow wp-block-group-is-layout-flow\">\n<figure class=\"wp-block-image size-full\"><img decoding=\"async\" src=\"https:\/\/www.archlegal.com\/wp-content\/uploads\/2025\/11\/image-53.svg\" alt=\"\" class=\"wp-image-3288\"\/><\/figure>\n\n\n\n<div class=\"wp-block-group is-layout-flow wp-block-group-is-layout-flow\">\n<p class=\"team-details__title wp-block-paragraph\">Tribunal de Distrito de los Estados Unidos, Distrito Central de California<\/p>\n<\/div>\n<\/div>\n<\/div>\n<\/div>\n\n\n\n<div class=\"wp-block-group team-details__rows is-layout-flow wp-block-group-is-layout-flow\">\n<h3 class=\"wp-block-heading\">Asociaciones profesionales y liderazgo<\/h3>\n\n\n\n<div class=\"wp-block-group team-details__row is-layout-flow wp-block-group-is-layout-flow\">\n<div class=\"wp-block-group team-details__column is-layout-flow wp-block-group-is-layout-flow\">\n<figure class=\"wp-block-image size-full\"><img decoding=\"async\" src=\"https:\/\/www.archlegal.com\/wp-content\/uploads\/2025\/11\/image-53.svg\" alt=\"\" class=\"wp-image-3288\"\/><\/figure>\n\n\n\n<div class=\"wp-block-group is-layout-flow wp-block-group-is-layout-flow\">\n<p class=\"team-details__title wp-block-paragraph\">Personal docente, Instituto Nacional de Defensa en Juicios (NITA) (2018 \u2013 actualidad)<\/p>\n<\/div>\n<\/div>\n\n\n\n<div class=\"wp-block-group team-details__column is-layout-flow wp-block-group-is-layout-flow\">\n<figure class=\"wp-block-image size-full\"><img decoding=\"async\" src=\"https:\/\/www.archlegal.com\/wp-content\/uploads\/2025\/11\/image-53.svg\" alt=\"\" class=\"wp-image-3288\"\/><\/figure>\n\n\n\n<div class=\"wp-block-group is-layout-flow wp-block-group-is-layout-flow\">\n<p class=\"team-details__title wp-block-paragraph\">Junta Directiva, Colegio de Abogados del Condado de San Diego (2022\u20132024)<\/p>\n<\/div>\n<\/div>\n\n\n\n<div class=\"wp-block-group team-details__column is-layout-flow wp-block-group-is-layout-flow\">\n<figure class=\"wp-block-image size-full\"><img decoding=\"async\" src=\"https:\/\/www.archlegal.com\/wp-content\/uploads\/2025\/11\/image-53.svg\" alt=\"\" class=\"wp-image-3288\"\/><\/figure>\n\n\n\n<div class=\"wp-block-group is-layout-flow wp-block-group-is-layout-flow\">\n<p class=\"team-details__title wp-block-paragraph\">Voluntaria, Asociaci\u00f3n Nacional para la Defensa P\u00fablica (2020-2025)<\/p>\n<\/div>\n<\/div>\n\n\n\n<div class=\"wp-block-group team-details__column is-layout-flow wp-block-group-is-layout-flow\">\n<figure class=\"wp-block-image size-full\"><img decoding=\"async\" src=\"https:\/\/www.archlegal.com\/wp-content\/uploads\/2025\/11\/image-53.svg\" alt=\"\" class=\"wp-image-3288\"\/><\/figure>\n\n\n\n<div class=\"wp-block-group is-layout-flow wp-block-group-is-layout-flow\">\n<p class=\"team-details__title wp-block-paragraph\">Antigua l\u00edder del Comit\u00e9 de Bienestar\/Cofundadora, Oficina del Defensor P\u00fablico del Condado de San Diego (2019-2023)<\/p>\n<\/div>\n<\/div>\n\n\n\n<div class=\"wp-block-group team-details__column is-layout-flow wp-block-group-is-layout-flow\">\n<figure class=\"wp-block-image size-full\"><img decoding=\"async\" src=\"https:\/\/www.archlegal.com\/wp-content\/uploads\/2025\/11\/image-53.svg\" alt=\"\" class=\"wp-image-3288\"\/><\/figure>\n\n\n\n<div class=\"wp-block-group is-layout-flow wp-block-group-is-layout-flow\">\n<p class=\"team-details__title wp-block-paragraph\">Entrenadora de simulacros de juicio para institutos, Otay Ranch, Colegio de Abogados del Condado de San Diego (2016-2020)<\/p>\n<\/div>\n<\/div>\n<\/div>\n<\/div>\n<\/div>\n<\/section>\n\n<section class=\"wp-block-group cta is-layout-flow wp-block-group-is-layout-flow\">\n<div class=\"wp-block-group container is-layout-flow wp-block-group-is-layout-flow\">\n<div class=\"wp-block-cover\"><img decoding=\"async\" width=\"1024\" height=\"683\" class=\"wp-block-cover__image-background wp-image-2076 size-large\" alt=\"\" src=\"https:\/\/www.archlegal.com\/wp-content\/uploads\/2025\/11\/74ab64aa3292c9dc8ca08e12a12e46446d58dfb4-3-1024x683.jpg\" data-object-fit=\"cover\" srcset=\"https:\/\/www.archlegal.com\/wp-content\/uploads\/2025\/11\/74ab64aa3292c9dc8ca08e12a12e46446d58dfb4-3-1024x683.jpg 1024w, https:\/\/www.archlegal.com\/wp-content\/uploads\/2025\/11\/74ab64aa3292c9dc8ca08e12a12e46446d58dfb4-3-640x427.jpg 640w, https:\/\/www.archlegal.com\/wp-content\/uploads\/2025\/11\/74ab64aa3292c9dc8ca08e12a12e46446d58dfb4-3-500x333.jpg 500w, https:\/\/www.archlegal.com\/wp-content\/uploads\/2025\/11\/74ab64aa3292c9dc8ca08e12a12e46446d58dfb4-3-300x200.jpg 300w, https:\/\/www.archlegal.com\/wp-content\/uploads\/2025\/11\/74ab64aa3292c9dc8ca08e12a12e46446d58dfb4-3-768x512.jpg 768w, https:\/\/www.archlegal.com\/wp-content\/uploads\/2025\/11\/74ab64aa3292c9dc8ca08e12a12e46446d58dfb4-3-380x253.jpg 380w, https:\/\/www.archlegal.com\/wp-content\/uploads\/2025\/11\/74ab64aa3292c9dc8ca08e12a12e46446d58dfb4-3-420x280.jpg 420w, https:\/\/www.archlegal.com\/wp-content\/uploads\/2025\/11\/74ab64aa3292c9dc8ca08e12a12e46446d58dfb4-3.jpg 1254w\" sizes=\"(max-width: 1024px) 100vw, 1024px\" \/><span aria-hidden=\"true\" class=\"wp-block-cover__background has-background-dim-90 has-background-dim wp-block-cover__gradient-background has-background-gradient has-hero-gradient-2-gradient-background\"><\/span><div class=\"wp-block-cover__inner-container is-layout-flow wp-block-cover-is-layout-flow\">\n<div class=\"wp-block-group is-layout-flow wp-block-group-is-layout-flow\">\n<div class=\"wp-block-group cta__content is-layout-flow wp-block-group-is-layout-flow\">\n<div class=\"wp-block-group cta__text is-layout-flow wp-block-group-is-layout-flow\">\n<p class=\"wp-block-paragraph\">\u00bfHA SUFRIDO ACOSO O DISCRIMINACI\u00d3N EN EL LUGAR DE TRABAJO?<\/p>\n\n\n\n<h2 class=\"wp-block-heading\">Encuentre al abogado adecuado para su caso<\/h2>\n\n\n\n<p class=\"wp-block-paragraph\">Queremos saber qu\u00e9 da\u00f1o ha sufrido, independientemente de para qui\u00e9n trabaje. Perm\u00edtanos evaluar su caso. Le tomaremos en serio y le daremos recomendaciones perspicaces sobre los pr\u00f3ximos pasos hacia un resultado justo.  <\/p>\n<\/div>\n\n\n\n<div class=\"wp-block-group cta__buttons is-layout-flow wp-block-group-is-layout-flow\">\n<p class=\"btn__primary wp-block-paragraph\"><a href=\"https:\/\/www.archlegal.com\/es\/contacto\/\">Solicitar una consulta gratuita<\/a><\/p>\n\n\n\n<p class=\"cta__or wp-block-paragraph\">o<\/p>\n\n\n\n<div class=\"wp-block-group cta__phone-number is-layout-constrained wp-block-group-is-layout-constrained\">\n<figure class=\"wp-block-image size-full\"><img decoding=\"async\" src=\"https:\/\/www.archlegal.com\/wp-content\/uploads\/2025\/11\/icon-phone-3.svg\" alt=\"\" class=\"wp-image-2088\"\/><\/figure>\n\n\n\n<p class=\"cta__phone wp-block-paragraph\"><a href=\"tel:+18663311338\">(866) 331-1338<\/a><\/p>\n<\/div>\n<\/div>\n<\/div>\n<\/div>\n<\/div><\/div>\n<\/div>\n<\/section>\n\n<section id=\"contact-us\" class=\"wp-block-group contact-us has-light-background-background-color has-background is-layout-flow wp-block-group-is-layout-flow\">\n<div class=\"wp-block-group container is-layout-constrained wp-block-group-is-layout-constrained\">\n<div class=\"wp-block-group contact-us__row is-layout-flow wp-block-group-is-layout-flow\">\n<div class=\"wp-block-group contact-us__column is-layout-flow wp-block-group-is-layout-flow\">\n<h2 class=\"wp-block-heading\">\u00bfHa sufrido acoso o discriminaci\u00f3n en el lugar de trabajo?<\/h2>\n\n\n\n<h4 class=\"wp-block-heading\">Encuentre al abogado adecuado para su caso<\/h4>\n\n\n\n<p class=\"wp-block-paragraph\">P\u00f3ngase en contacto con ARCH Legal hoy mismo para hablar con un abogado experto en derecho laboral dedicado a proteger sus derechos en el lugar de trabajo. Tanto si se enfrenta a discriminaci\u00f3n, represalias o infracciones salariales, nuestro equipo est\u00e1 preparado para ayudarle. Llame, env\u00ede un correo electr\u00f3nico o programe una consulta gratuita para hablar sobre su caso y explorar sus opciones legales.<\/p>\n\n\n\n<div class=\"wp-block-group contact-us__contact-details is-layout-flow wp-block-group-is-layout-flow\">\n<figure class=\"wp-block-image size-full\"><img decoding=\"async\" src=\"https:\/\/www.archlegal.com\/wp-content\/uploads\/2025\/11\/icon-phone-4.svg\" alt=\"\" class=\"wp-image-2143\"\/><\/figure>\n\n\n\n<p class=\"wp-block-paragraph\"><a href=\"tel:+18663311338\">(866) 331-1338<\/a><\/p>\n<\/div>\n\n\n\n<div class=\"wp-block-group contact-us__contact-details is-layout-flow wp-block-group-is-layout-flow\">\n<figure class=\"wp-block-image size-full\"><img decoding=\"async\" src=\"https:\/\/www.archlegal.com\/wp-content\/uploads\/2025\/11\/location-1.svg\" alt=\"\" class=\"wp-image-2142\"\/><\/figure>\n\n\n\n<p class=\"wp-block-paragraph\"><a href=\"https:\/\/maps.app.goo.gl\/xXjb1axDADuXxYLC8\" data-type=\"link\" data-id=\"https:\/\/maps.app.goo.gl\/xXjb1axDADuXxYLC8\">3555 Fifth Avenue Suite 200,<br\/>\u2028San Diego, CA 92103<\/a><\/p>\n<\/div>\n<\/div>\n\n\n\n<div class=\"wp-block-group contact-us__column is-layout-constrained wp-block-group-is-layout-constrained\">\n<div class=\"wp-block-contact-form-7-contact-form-selector\">\n<div class=\"wpcf7 no-js\" id=\"wpcf7-f4098-o1\" lang=\"es-ES\" dir=\"ltr\" data-wpcf7-id=\"4098\">\n<div class=\"screen-reader-response\"><p role=\"status\" aria-live=\"polite\" aria-atomic=\"true\"><\/p> <ul><\/ul><\/div>\n<form action=\"\/es\/wp-json\/wp\/v2\/staff\/10288#wpcf7-f4098-o1\" method=\"post\" class=\"wpcf7-form init\" aria-label=\"Formulario de contacto\" novalidate=\"novalidate\" data-status=\"init\">\n<fieldset class=\"hidden-fields-container\"><input type=\"hidden\" name=\"_wpcf7\" value=\"4098\" \/><input type=\"hidden\" name=\"_wpcf7_version\" value=\"6.1.7\" \/><input type=\"hidden\" name=\"_wpcf7_locale\" value=\"es_ES\" \/><input type=\"hidden\" name=\"_wpcf7_unit_tag\" value=\"wpcf7-f4098-o1\" \/><input type=\"hidden\" name=\"_wpcf7_container_post\" value=\"0\" \/><input type=\"hidden\" name=\"_wpcf7_posted_data_hash\" value=\"\" \/>\n<\/fieldset>\n<div class=\"form-row\">\n   <label> Nombre <span class=\"wpcf7-form-control-wrap\" data-name=\"your-first-name\"><input size=\"40\" maxlength=\"400\" class=\"wpcf7-form-control wpcf7-text wpcf7-validates-as-required\" aria-required=\"true\" aria-invalid=\"false\" placeholder=\"Introduzca su nombre\" value=\"\" type=\"text\" name=\"your-first-name\" \/><\/span><\/label><label> Apellido <span class=\"wpcf7-form-control-wrap\" data-name=\"your-last-name\"><input size=\"40\" maxlength=\"400\" class=\"wpcf7-form-control wpcf7-text wpcf7-validates-as-required\" aria-required=\"true\" aria-invalid=\"false\" placeholder=\"Introduzca su apellido\" value=\"\" type=\"text\" name=\"your-last-name\" \/><\/span><\/label>\n<\/div>\n<div class=\"form-row\">\n   <label> N\u00famero de tel\u00e9fono <span class=\"wpcf7-form-control-wrap\" data-name=\"your-tel\"><input size=\"40\" maxlength=\"400\" class=\"wpcf7-form-control wpcf7-tel wpcf7-validates-as-required wpcf7-text wpcf7-validates-as-tel\" aria-required=\"true\" aria-invalid=\"false\" placeholder=\"Introduzca su n\u00famero de tel\u00e9fono\" value=\"\" type=\"tel\" name=\"your-tel\" \/><\/span> <\/label><label> Correo electr\u00f3nico <span class=\"wpcf7-form-control-wrap\" data-name=\"your-email\"><input size=\"40\" maxlength=\"400\" class=\"wpcf7-form-control wpcf7-email wpcf7-validates-as-required wpcf7-text wpcf7-validates-as-email\" aria-required=\"true\" aria-invalid=\"false\" placeholder=\"Introduzca su direcci\u00f3n de correo electr\u00f3nico\" value=\"\" type=\"email\" name=\"your-email\" \/><\/span> <\/label> \n<\/div>\n\n<div class=\"form-row\">\n  <label> Ciudad <span class=\"wpcf7-form-control-wrap\" data-name=\"your-city\"><input size=\"40\" maxlength=\"400\" class=\"wpcf7-form-control wpcf7-text\" aria-invalid=\"false\" placeholder=\"Introduzca su ciudad\" value=\"\" type=\"text\" name=\"your-city\" \/><\/span> <\/label>\n  <label> Estado <span class=\"wpcf7-form-control-wrap\" data-name=\"your-state\"><input size=\"40\" maxlength=\"400\" class=\"wpcf7-form-control wpcf7-text\" aria-invalid=\"false\" placeholder=\"Introduzca su estado\" value=\"\" type=\"text\" name=\"your-state\" \/><\/span> <\/label>\n<\/div>\n\n<div class=\"form-row\">\n <label>  Necesito ayuda con: <span class=\"wpcf7-form-control-wrap\" data-name=\"your-message\"><textarea cols=\"40\" rows=\"10\" maxlength=\"2000\" class=\"wpcf7-form-control wpcf7-textarea\" aria-invalid=\"false\" placeholder=\"\u00bfC\u00f3mo podemos ayudarle?\" name=\"your-message\"><\/textarea><\/span> <\/label>\n<\/div>\n\n<div class=\"form-row\">\n    <span class=\"wpcf7-form-control-wrap\" data-name=\"consent\"><span class=\"wpcf7-form-control wpcf7-checkbox\"><span class=\"wpcf7-list-item first last\"><label><input type=\"checkbox\" name=\"consent[]\" value=\"Acepto que contactar conmigo a trav\u00e9s de este formulario no constituye representaci\u00f3n legal ni crea una relaci\u00f3n abogado-cliente.\" \/><span class=\"wpcf7-list-item-label\">Acepto que contactar conmigo a trav\u00e9s de este formulario no constituye representaci\u00f3n legal ni crea una relaci\u00f3n abogado-cliente.<\/span><\/label><\/span><\/span><\/span>\n<\/div>\n\n<div class=\"form-row consent-row\">\n  <label><span class=\"wpcf7-form-control-wrap\" data-name=\"conditions\"><span class=\"wpcf7-form-control wpcf7-acceptance\"><span class=\"wpcf7-list-item\"><input type=\"checkbox\" name=\"conditions\" value=\"1\" aria-invalid=\"false\" \/><\/span><\/span><\/span> He le\u00eddo y acepto las <a href=\"\/es\/politica-de-privacidad\/\" target=\"_blank\">Pol\u00edticas de Privacidad<\/a>, \n  y <a href=\"\/es\/condiciones-de-uso\/\" target=\"_blank\">Condiciones de Uso<\/a>.<\/label>\n<\/div>\n\n<div class=\"wpcf7-turnstile cf-turnstile\" data-sitekey=\"0x4AAAAAACCGEsWJuOJVmetb\" data-response-field-name=\"_wpcf7_turnstile_response\"><\/div>\n<input class=\"wpcf7-form-control wpcf7-submit has-spinner\" type=\"submit\" value=\"enviar mensaje\" \/><p style=\"display: none !important;\" class=\"akismet-fields-container\" data-prefix=\"_wpcf7_ak_\"><label>&#916;<textarea name=\"_wpcf7_ak_hp_textarea\" cols=\"45\" rows=\"8\" maxlength=\"100\"><\/textarea><\/label><input type=\"hidden\" id=\"ak_js_1\" name=\"_wpcf7_ak_js\" value=\"126\"\/><script>\ndocument.getElementById( \"ak_js_1\" ).setAttribute( \"value\", ( new Date() ).getTime() );\n<\/script>\n<\/p><div class=\"wpcf7-response-output\" aria-hidden=\"true\"><\/div>\n<\/form>\n<\/div>\n<\/div>\n<\/div>\n<\/div>\n<\/div>\n<\/section>\n\n<section class=\"wp-block-group is-layout-flow wp-block-group-is-layout-flow\">\n<iframe src=\"https:\/\/www.google.com\/maps\/embed?pb=!1m18!1m12!1m3!1d16430.41740738804!2d-117.16569456052756!3d32.746116857276874!2m3!1f0!2f0!3f0!3m2!1i1024!2i768!4f13.1!3m3!1m2!1s0x80d954c5befea6a5%3A0x80b7f10ad2154c37!2sARCH%20Legal%2C%20PC!5e0!3m2!1sen!2sdz!4v1762947744697!5m2!1sen!2sdz\" width=\"100%\" height=\"254\" style=\"border:0;\" allowfullscreen=\"\" loading=\"lazy\" referrerpolicy=\"no-referrer-when-downgrade\" title=\"Mapa de Arch Legal\"><\/iframe>\n<\/section>\n","protected":false},"featured_media":0,"parent":0,"menu_order":0,"template":"","meta":{"_staff_position":"","_staff_layout_priority":0,"_staff_custom_title":"","_staff_content":"","_staff_card_image":0,"footnotes":""},"categories":[38],"tags":[],"class_list":["post-10288","staff","type-staff","status-publish","hentry","category-attorney"],"_links":{"self":[{"href":"https:\/\/www.archlegal.com\/es\/wp-json\/wp\/v2\/staff\/10288","targetHints":{"allow":["GET"]}}],"collection":[{"href":"https:\/\/www.archlegal.com\/es\/wp-json\/wp\/v2\/staff"}],"about":[{"href":"https:\/\/www.archlegal.com\/es\/wp-json\/wp\/v2\/types\/staff"}],"version-history":[{"count":7,"href":"https:\/\/www.archlegal.com\/es\/wp-json\/wp\/v2\/staff\/10288\/revisions"}],"predecessor-version":[{"id":10483,"href":"https:\/\/www.archlegal.com\/es\/wp-json\/wp\/v2\/staff\/10288\/revisions\/10483"}],"wp:attachment":[{"href":"https:\/\/www.archlegal.com\/es\/wp-json\/wp\/v2\/media?parent=10288"}],"wp:term":[{"taxonomy":"category","embeddable":true,"href":"https:\/\/www.archlegal.com\/es\/wp-json\/wp\/v2\/categories?post=10288"},{"taxonomy":"post_tag","embeddable":true,"href":"https:\/\/www.archlegal.com\/es\/wp-json\/wp\/v2\/tags?post=10288"}],"curies":[{"name":"wp","href":"https:\/\/api.w.org\/{rel}","templated":true}]}}